{"id":11223,"date":"2022-12-19T11:48:30","date_gmt":"2022-12-19T11:48:30","guid":{"rendered":"https:\/\/www.ridemovi.com\/?page_id=11223"},"modified":"2024-09-30T15:55:09","modified_gmt":"2024-09-30T15:55:09","slug":"politica-de-privacidade","status":"publish","type":"page","link":"https:\/\/www.ridemovi.com\/pt-pt\/politica-de-privacidade\/","title":{"rendered":"Pol\u00edtica de privacidade e cookies"},"content":{"rendered":"[vc_row thb_full_width=&#8221;true&#8221; css=&#8221;.vc_custom_1671233475481{padding-top: 13vh !important;padding-bottom: 13vh !important;background: #ff4611 url(https:\/\/www.ridemovi.com\/wp-content\/uploads\/2022\/12\/header-bizmovi-3.jpg?id=7880) !important;background-position: center !important;background-repeat: no-repeat !important;background-size: cover !important;}&#8221; el_class=&#8221;align-center&#8221;][vc_column thb_color=&#8221;thb-light-column&#8221; animation=&#8221;animation bottom-to-top-3d&#8221; el_class=&#8221;text-center&#8221;][vc_row_inner el_class=&#8221;align-center&#8221;][vc_column_inner el_class=&#8221;text-center&#8221; offset=&#8221;vc_col-lg-8 vc_col-md-10&#8243;][vc_custom_heading text=&#8221;Pol\u00edtica de privacidade e cookies&#8221; font_container=&#8221;tag:h1|text_align:center&#8221; use_theme_fonts=&#8221;yes&#8221; el_class=&#8221;title&#8221;][\/vc_column_inner][\/vc_row_inner][\/vc_column][\/vc_row][vc_row thb_full_width=&#8221;true&#8221; css=&#8221;.vc_custom_1680086895882{padding-top: 7vh !important;padding-bottom: 5vh !important;background-color: #000000 !important;}&#8221;][vc_column][vc_tta_accordion style=&#8221;outline&#8221; color=&#8221;juicy-pink&#8221; c_icon=&#8221;&#8221; active_section=&#8221;33&#8243; no_fill=&#8221;true&#8221; collapsible_all=&#8221;true&#8221; el_class=&#8221;selezione-lingua&#8221;][vc_tta_section i_icon_fontawesome=&#8221;fa fa-angle-down&#8221; add_icon=&#8221;true&#8221; title=&#8221;Selecione o idioma&#8221; tab_id=&#8221;1671232039381-3b3d5fc7-4ca8&#8243;]\t<div class=\"thb-page-menu-container\">\n\t\t<ul id=\"menu-pagina-informativa-sulla-privacy\" class=\"thb-page-menu style2\"><li id=\"menu-item-7873\" class=\"menu-item menu-item-type-custom menu-item-object-custom menu-item-7873\"><a href=\"\/policy-english\/\"><span>> English<\/span><i class=\"fa fa-angle-right\"><\/i><\/a><\/li>\n<li id=\"menu-item-7893\" class=\"menu-item menu-item-type-custom menu-item-object-custom menu-item-7893\"><a href=\"\/it\/privacy-italiano\/\"><span>> Italiano<\/span><i class=\"fa fa-angle-right\"><\/i><\/a><\/li>\n<li id=\"menu-item-7874\" class=\"menu-item menu-item-type-custom menu-item-object-custom menu-item-7874\"><a href=\"\/es\/privacidad-espanol\/\"><span>> Espa\u00f1ol<\/span><i class=\"fa fa-angle-right\"><\/i><\/a><\/li>\n<li id=\"menu-item-8767\" class=\"menu-item menu-item-type-custom menu-item-object-custom menu-item-8767\"><a href=\"\/el\/\u03bc\u03c5\u03c3\u03c4\u03b9\u03ba\u03cc\u03c4\u03b7\u03c4\u03b1-\u03b5\u03bb\u03bb\u03b7\u03bd\u03b9\u03ba\u03ac\/\"><span>> \u0395\u03bb\u03bb\u03b7\u03bd\u03b9\u03ba\u03ac<\/span><i class=\"fa fa-angle-right\"><\/i><\/a><\/li>\n<li id=\"menu-item-11227\" class=\"menu-item menu-item-type-custom menu-item-object-custom menu-item-11227\"><a href=\"\/pt-pt\/privacidade-portugues\/\"><span>> Portugu\u00eas<\/span><i class=\"fa fa-angle-right\"><\/i><\/a><\/li>\n<li id=\"menu-item-9048\" class=\"menu-item menu-item-type-custom menu-item-object-custom menu-item-9048\"><a href=\"\/sv\/integritet-svenska\/\"><span>> Svenska<\/span><i class=\"fa fa-angle-right\"><\/i><\/a><\/li>\n<\/ul>\t<\/div>\n\t[\/vc_tta_section][\/vc_tta_accordion][\/vc_column][\/vc_row][vc_row][vc_column]<div class=\"templatera_shortcode\"><div class=\"row wpb_row row-fluid\"><div class=\"wpb_column columns medium-12 thb-dark-column small-12\"><div class=\"vc_column-inner   vc_custom_1671450806005\"><div class=\"wpb_wrapper\">\n\t<div class=\"wpb_text_column wpb_content_element  \" >\n\t\t<div class=\"wpb_wrapper\">\n\t\t\t<p><strong>POL\u00cdTICA DE COOKIES E PRIVACIDADE S\u00cdTIO RIDEMOVI<\/strong><\/p>\n<p>Em conformidade com o artigo 13 do Regulamento UE 2016- 679<\/p>\n<p><strong>Introdu\u00e7\u00e3o<\/strong><\/p>\n<p>A prote\u00e7\u00e3o da privacidade do Utilizador \u00e9 uma das nossas prioridades. Estamos empenhados em adotar as medidas de seguran\u00e7a e organizacionais mais apropriadas, no respeito do Regulamento UE 2016-679 (\u201cRegulamento Geral sobre Prote\u00e7\u00e3o de Dados\u201d ou \u201cRGPD\u201d) e qualquer outra norma aplic\u00e1vel para proteger as informa\u00e7\u00f5es pessoais que o Utilizador resolveu nos confiar.<\/p>\n<p>Esta pol\u00edtica de privacidade ilustra quais informa\u00e7\u00f5es pessoais recolhemos junto ao Utilizador, como e porqu\u00ea as utilizamos quando o Utilizador (ou \u201cVisitante\u201d) visitar este s\u00edtio web, e fornece informa\u00e7\u00f5es acerca das suas op\u00e7\u00f5es e direitos relativamente aos pr\u00f3prios dados e informa\u00e7\u00f5es.<\/p>\n<p>A respeito dos dados pessoais tratados no contexto dos servi\u00e7os de aluguer de bicicletas fornecidos mediante a nossa aplica\u00e7\u00e3o para telem\u00f3veis tipo smartphones (a \u201cRideMovi App\u201d), fornecemos uma espec\u00edfica pol\u00edtica de privacidade atrav\u00e9s da pr\u00f3pria aplica\u00e7\u00e3o RideMovi App e, quando necess\u00e1rio, ser\u00e1 solicitado espec\u00edfico consentimento ao tratamento dos dados pessoais.<\/p>\n<p><strong>O Respons\u00e1vel pelo Tratamento - Quem \u00e9 respons\u00e1vel pelo tratamento dos dados do Utilizador?<\/strong><\/p>\n<p>Este s\u00edtio web \u00e9 gerido por Ridemovi Portugal, UNIPESSOAL LDA Avenida da Rep\u00fablica, n\u00ba 6, 7.\u00ba Esq 1050 191 Lisboa, Portugal e RideMovi S.p.A. (doravante, \u201cnos\u201d ou \u201cn\u00f3s\u201d em forma expl\u00edcita ou impl\u00edcita), uma empresa estabelecida nos termos da Lei Italiana, com sede oficial em Mil\u00e3o, It\u00e1lia, Via Carducci 31, 20123. Em caso de questionamentos acerca desta Pol\u00edtica de Privacidade, o Utilizador poder\u00e1 nos contactar em qualquer momento, ao escrever para &#x73;&#x75;&#x70;&#x70;&#x6f;&#x72;&#x74;&#x2e;&#x69;&#x74;&#x40;<span class=\"oe_displaynone\">null<\/span>&#x72;&#x69;&#x64;&#x65;&#x6d;&#x6f;&#x76;&#x69;&#x2e;&#x63;&#x6f;&#x6d;.<\/p>\n<p><strong>Informa\u00e7\u00f5es de contacto do Encarregado pela Prote\u00e7\u00e3o dos Dados<\/strong><\/p>\n<p>Para qualquer pergunta relativa aos dados pessoais do Utilizador, o mesmo poder\u00e1 entrar em contacto tamb\u00e9m com o nosso DPO [Encarregado pela Prote\u00e7\u00e3o dos Dados] ao endere\u00e7o &#x64;&#x70;&#x6f;&#x40;<span class=\"oe_displaynone\">null<\/span>&#x72;&#x69;&#x64;&#x65;&#x6d;&#x6f;&#x76;&#x69;&#x2e;&#x63;&#x6f;&#x6d;.<\/p>\n<p><strong>Quais dados recolhemos e tratamos<\/strong><\/p>\n<p>Dados de navega\u00e7\u00e3o Mediante o s\u00edtio web, recolhemos alguns dados pessoais do Utilizador, que s\u00e3o necessariamente transmitidos para o uso dos protocolos de comunica\u00e7\u00e3o Internet. Estas informa\u00e7\u00f5es, por si s\u00f3, n\u00e3o nos permitem identificar o Utilizador, mas a sua natureza poder\u00e1, em combina\u00e7\u00e3o com dados detidos por terceiros, tornar poss\u00edvel a sua identifica\u00e7\u00e3o. Esta tipologia de dados inclui, por exemplo, endere\u00e7os IP ou nomes de dom\u00ednio dos computadores utilizados pelo Utilizador para conetar-se a este s\u00edtio e outros par\u00e2metros relativos ao sistema operacional e ao ambiente inform\u00e1tico. Tais dados s\u00e3o utilizados por n\u00f3s unicamente com o objetivo de obter informa\u00e7\u00f5es estat\u00edsticas an\u00f3nimas sobre o uso do s\u00edtio e para controlar que esteja a funcionar corretamente.<\/p>\n<p>Dados fornecidos voluntariamente pelo Utilizador. Enquanto Visitante deste s\u00edtio web, o Utilizador pode nos fornecer os seus dados pessoais mediante solicita\u00e7\u00f5es por e-mail. Isso envolve a aquisi\u00e7\u00e3o, por nossa parte, dos dados pessoais que o Utilizador resolver nos confiar, que ser\u00e3o tratados exclusivamente para responder \u00e0 sua solicita\u00e7\u00e3o.<\/p>\n<p><strong>O que \u00e9 um cookie?<\/strong><\/p>\n<p>Conhecidos tamb\u00e9m como cookies de navega\u00e7\u00e3o ou cookies de rastreamento, os cookies s\u00e3o pequenos ficheiros de texto, geralmente encriptados, localizados nos diret\u00f3rios do navegador. S\u00e3o utilizados para ajudar os utilizadores a navegarem pelos s\u00edtios web com efici\u00eancia e para realizar determinadas fun\u00e7\u00f5es. Na liga\u00e7\u00e3o a seguir, est\u00e3o dispon\u00edveis maiores informa\u00e7\u00f5es a respeito dos cookies: www.aboutcookies.org.<\/p>\n<p><strong>Tipos de cookies que utilizamos<\/strong><\/p>\n<p><strong>Cookies t\u00e9cnicos<\/strong><\/p>\n<p>Os cookies t\u00e9cnicos s\u00e3o utilizados exclusivamente com o objetivo de realizar a transmiss\u00e3o de uma comunica\u00e7\u00e3o numa rede de comunica\u00e7\u00f5es eletr\u00f3nicas, ou na medida em que seja estritamente necess\u00e1rio ao fornecedor de um servi\u00e7o societ\u00e1rio de informa\u00e7\u00e3o ao qual foi explicitamente solicitado, pela parte contratante ou pelo Utilizador, o fornecimento de dito servi\u00e7o.<\/p>\n<p>Utilizamos cookies t\u00e9cnicos de sess\u00e3o (n\u00e3o persistentes) estritamente nos limites de quanto necess\u00e1rio para a navega\u00e7\u00e3o segura e eficiente neste s\u00edtio.<\/p>\n<p><strong>Cookies anal\u00edticos<\/strong><\/p>\n<p>Estes cookies permitem-nos a contagem de visitas e as fontes de tr\u00e1fego, assim que possamos medir e melhorar o desempenho do nosso s\u00edtio. Estes cookies ajudam-nos a recolher informa\u00e7\u00f5es agregadas sobre o n\u00famero de visitantes e o andamento de visitas ao s\u00edtio. Todas as informa\u00e7\u00f5es recolhidas pelos cookies s\u00e3o agregadas e portanto an\u00f3nimas.<\/p>\n<p>Neste s\u00edtio, os cookies n\u00e3o s\u00e3o utilizados para definir o perfil do utilizador, e n\u00e3o utilizamos outros m\u00e9todos de rastreamento.<\/p>\n<p><strong>Como gerir os cookies<\/strong><\/p>\n<p>Todas as mais novas vers\u00f5es dos navegadores mais populares oferecem um n\u00edvel de controlo sobre os cookies. O Utilizador pode configurar o pr\u00f3prio navegador para aceitar ou rejeitar alguns ou todos os cookies: https:\/\/www.allaboutcookies.org\/manage-cookies\/<\/p>\n<p>Caso o Utilizador queira dirimir d\u00favidas a respeito do uso dos seus dados pessoais que n\u00f3s fazemos, favor enviar um e-mail para &#x70;&#x72;&#x69;&#x76;&#x61;&#x63;&#x79;&#x40;<span class=\"oe_displaynone\">null<\/span>&#x72;&#x69;&#x64;&#x65;&#x6d;&#x6f;&#x76;&#x69;&#x2e;&#x63;&#x6f;&#x6d;<\/p>\n<p><strong>Como tratamos os dados pessoais do Utilizador.<\/strong><\/p>\n<p>Utilizamos os dados pessoais do Utilizador como definido no par\u00e1grafo 4 desta pol\u00edtica:<\/p>\n<p>Para fornecer ao Utilizador as informa\u00e7\u00f5es contidas neste s\u00edtio.<\/p>\n<p>Para responder a solicita\u00e7\u00f5es enviadas por e-mail pelo Utilizador.<\/p>\n<p>Para resolver bugs do programa e problemas operacionais.<\/p>\n<p>Para realizar an\u00e1lises de dados e investiga\u00e7\u00f5es sobre dados anonimizados.<\/p>\n<p>A base legal para o tratamento leg\u00edtimo dos dados do Utilizador para as finalidades indicadas acima \u00e9 indicada no artigo 6 (1) b. e f. do RGPD1.<\/p>\n<p><strong>Subcontratantes e destinat\u00e1rios dos dados<\/strong><\/p>\n<p>N\u00f3s podemos partilhar os dados do Utilizador:<\/p>\n<p>Com as nossas controladas e empresas filiadas que fornecem servi\u00e7os ou realizam tratamento de dados em nosso nome.<\/p>\n<p>Com consultadores e outros fornecedores de servi\u00e7os que precisem aceder a tais informa\u00e7\u00f5es para realizar trabalhos em nosso nome; servimo-nos de servi\u00e7os de TI externos que fornecem infraestrutura de servidores, manuten\u00e7\u00e3o TI ou solu\u00e7\u00f5es abrangentes de TI (como servi\u00e7os de nuvem) e solu\u00e7\u00f5es de software em nosso nome.<\/p>\n<p>Com Tribunais, assessores externos, Autoridades P\u00fablicas ou outros terceiros autorizados, para responder a uma solicita\u00e7\u00e3o de informa\u00e7\u00f5es formulada por uma autoridade competente, caso avaliarmos que a divulga\u00e7\u00e3o esteja de acordo com normas e leis aplic\u00e1veis.<\/p>\n<p>Os dados pessoais ser\u00e3o tratados somente por sujeitos\/entidades previamente indicados por RideMovi ou pelos seus subcontratados, como sujeitos encarregados do tratamento dos dados, ou como respons\u00e1veis pelos dados, conforme as finalidades acima especificadas.<\/p>\n<p>Os dados pessoais do Utilizador podem ser partilhados somente com terceiros que tratem dados pessoais em nosso nome e com base nas nossas instru\u00e7\u00f5es. Todos os encarregados e subcontratados que ser\u00e3o nomeados, estar\u00e3o sujeitos a obriga\u00e7\u00f5es contratuais que visam a prote\u00e7\u00e3o dos dados pessoais do Utilizador.<\/p>\n<p><strong>Como garantimos a seguran\u00e7a dos dados do Utilizador.<\/strong><\/p>\n<p>Temos implementado medidas apropriadas de ordem f\u00edsica, t\u00e9cnica e organizacional para salvaguardar e garantir os dados pessoais que recolhemos e assegurar um n\u00edvel de seguran\u00e7a apropriado diante do risco, de acordo com o RGPD.<\/p>\n<p><strong>Direitos do Utilizador<\/strong><\/p>\n<p>De acordo com o RGPD (artigos de 13 a 23), o Utilizador tem os direitos indicados de seguida:<\/p>\n<p>Direito de acesso. O Utilizador tem o direito de obter de n\u00f3s a confirma\u00e7\u00e3o se existem ou n\u00e3o dados pessoais a respeito dele tratados por n\u00f3s e, onde for o caso, requerer o acesso aos seus dados pessoais.<\/p>\n<p>O Utilizador tem o direito de obter a retifica\u00e7\u00e3o de dados pessoais incorretos. Isto significa que o Utilizador tem o direito de obter de n\u00f3s a retifica\u00e7\u00e3o de dados pessoais imprecisos que sobre si.<\/p>\n<p>O Utilizador pode ter o direito de obter de n\u00f3s o cancelamento dos seus dados pessoais e n\u00f3s podemos ser obrigados a cancelar tais dados pessoais.<\/p>\n<p>O Utilizador pode ter o direito de requerer uma limita\u00e7\u00e3o ao tratamento dos seus dados pessoais.<\/p>\n<p>O Utilizador tem o direito de receber os dados pessoais referidos a si, que nos forneceu, num formato estruturado, comummente usado e leg\u00edvel por computador, e o Utilizador pode ter o direito de transmitir tais dados a outras entidades, sem entraves pela nossa parte (Portabilidade dos Dados).<\/p>\n<p>O Utilizador tem tamb\u00e9m o direito de apresentar uma queixa junto \u00e0 Autoridade supervisora de prote\u00e7\u00e3o dos dados. Em It\u00e1lia, a Autoridade supervisora \u00e9 a Autoridade Italiana de Prote\u00e7\u00e3o dos Dados (Garante per la protezione dei dati personali) com sede em Piazza Venezia, 11, Roma (00187), www.gpdp.it, telefone 06-696771, E-mail: &#x70;&#x72;&#x6f;&#x74;&#x6f;&#x63;&#x6f;&#x6c;&#x6c;&#x6f;&#x40;<span class=\"oe_displaynone\">null<\/span>&#x67;&#x70;&#x64;&#x70;&#x2e;&#x69;&#x74;<\/p>\n<p>Se o Utilizador deu o seu consentimento para eventuais atividades de tratamento de dados pessoais, poder\u00e1 retirar tal consentimento a qualquer momento, com efeito futuro. Tal retirada n\u00e3o ter\u00e1 efeitos sobre a legalidade do tratamento anterior \u00e0 retirada do consentimento.<\/p>\n<p>Para exercer os direitos acima, o Utilizador pode enviar-nos um e-mail para &#x70;&#x72;&#x69;&#x76;&#x61;&#x63;&#x79;&#x40;<span class=\"oe_displaynone\">null<\/span>&#x72;&#x69;&#x64;&#x65;&#x6d;&#x6f;&#x76;&#x69;&#x2e;&#x63;&#x6f;&#x6d;, ou escrever-nos para Via Carducci 31, 20123 Mil\u00e3o, It\u00e1lia.<\/p>\n<p><strong>Altera\u00e7\u00f5es desta Pol\u00edtica<\/strong><\/p>\n<p>Podemos alterar esta Pol\u00edtica, periodicamente. Se n\u00f3s operarmos altera\u00e7\u00f5es significativas na forma de tratamento dos dados pessoais do Utilizador, ou a esta Pol\u00edtica, notificaremos os Utilizadores mediante e-mail. Sugerimos aos Utilizadores para que, periodicamente, consultem esta Pol\u00edtica para averiguar as mais recentes informa\u00e7\u00f5es a respeito das nossas pr\u00e1ticas sobre privacidade.<\/p>\n<p><strong>Contactos<\/strong><\/p>\n<p>Se o Utilizador tiver eventuais questionamentos a respeito desta Pol\u00edtica, poder\u00e1 entrar em contacto connosco pelo endere\u00e7o eletr\u00f3nico &#x70;&#x72;&#x69;&#x76;&#x61;&#x63;&#x79;&#x40;<span class=\"oe_displaynone\">null<\/span>&#x72;&#x69;&#x64;&#x65;&#x6d;&#x6f;&#x76;&#x69;&#x2e;&#x63;&#x6f;&#x6d; ou poder\u00e1 enviar correspond\u00eancia \u00e0 Via Carducci 31, 20123 Mil\u00e3o, It\u00e1lia.<\/p>\n\n\t\t<\/div>\n\t<\/div>\n<\/div><\/div><\/div><\/div><\/div>[vc_column_text]<script id=\"CookieDeclaration\" src=\"https:\/\/consent.cookiebot.com\/5e190c8f-6db1-42c9-abfd-d958c587ff24\/cd.js\" type=\"text\/javascript\" async><\/script>[\/vc_column_text][\/vc_column][\/vc_row]","protected":false},"excerpt":{"rendered":"Pol\u00edtica de privacidade e cookiesSelecione o idioma > English > Italiano > Espa\u00f1ol > \u0395\u03bb\u03bb\u03b7\u03bd\u03b9\u03ba\u03ac > Portugu\u00eas > Svenska POL\u00cdTICA DE COOKIES E PRIVACIDADE S\u00cdTIO RIDEMOVI Em conformidade com o artigo 13 do Regulamento UE 2016- 679 Introdu\u00e7\u00e3o A prote\u00e7\u00e3o da privacidade do Utilizador \u00e9 uma das nossas prioridades. Estamos empenhados em adotar as medidas&hellip;","protected":false},"author":1,"featured_media":0,"parent":0,"menu_order":49,"comment_status":"closed","ping_status":"closed","template":"","meta":{"_acf_changed":false,"advgb_blocks_editor_width":"","advgb_blocks_columns_visual_guide":"","footnotes":""},"class_list":["post-11223","page","type-page","status-publish","hentry"],"acf":[],"yoast_head":"<!-- This site is optimized with the Yoast SEO plugin v24.2 - https:\/\/yoast.com\/wordpress\/plugins\/seo\/ -->\n<title>Pol\u00edtica de privacidade e cookies - RideMovi<\/title>\n<meta name=\"robots\" content=\"index, follow, max-snippet:-1, max-image-preview:large, max-video-preview:-1\" \/>\n<link rel=\"canonical\" href=\"https:\/\/www.ridemovi.com\/pt-pt\/politica-de-privacidade\/\" \/>\n<meta property=\"og:locale\" content=\"pt_PT\" \/>\n<meta property=\"og:type\" content=\"article\" \/>\n<meta property=\"og:title\" content=\"Pol\u00edtica de privacidade e cookies - RideMovi\" \/>\n<meta property=\"og:url\" content=\"https:\/\/www.ridemovi.com\/pt-pt\/politica-de-privacidade\/\" \/>\n<meta property=\"og:site_name\" content=\"RideMovi\" \/>\n<meta property=\"article:modified_time\" content=\"2024-09-30T15:55:09+00:00\" \/>\n<meta name=\"twitter:card\" content=\"summary_large_image\" \/>\n<meta name=\"twitter:label1\" content=\"Tempo estimado de leitura\" \/>\n\t<meta name=\"twitter:data1\" content=\"1 minuto\" \/>\n<script type=\"application\/ld+json\" class=\"yoast-schema-graph\">{\"@context\":\"https:\/\/schema.org\",\"@graph\":[{\"@type\":\"WebPage\",\"@id\":\"https:\/\/www.ridemovi.com\/pt-pt\/politica-de-privacidade\/\",\"url\":\"https:\/\/www.ridemovi.com\/pt-pt\/politica-de-privacidade\/\",\"name\":\"Pol\u00edtica de privacidade e cookies - RideMovi\",\"isPartOf\":{\"@id\":\"https:\/\/www.ridemovi.com\/#website\"},\"datePublished\":\"2022-12-19T11:48:30+00:00\",\"dateModified\":\"2024-09-30T15:55:09+00:00\",\"breadcrumb\":{\"@id\":\"https:\/\/www.ridemovi.com\/pt-pt\/politica-de-privacidade\/#breadcrumb\"},\"inLanguage\":\"pt-PT\",\"potentialAction\":[{\"@type\":\"ReadAction\",\"target\":[\"https:\/\/www.ridemovi.com\/pt-pt\/politica-de-privacidade\/\"]}]},{\"@type\":\"BreadcrumbList\",\"@id\":\"https:\/\/www.ridemovi.com\/pt-pt\/politica-de-privacidade\/#breadcrumb\",\"itemListElement\":[{\"@type\":\"ListItem\",\"position\":1,\"name\":\"Home\",\"item\":\"https:\/\/www.ridemovi.com\/\"},{\"@type\":\"ListItem\",\"position\":2,\"name\":\"Pol\u00edtica de privacidade e cookies\"}]},{\"@type\":\"WebSite\",\"@id\":\"https:\/\/www.ridemovi.com\/#website\",\"url\":\"https:\/\/www.ridemovi.com\/\",\"name\":\"RideMovi\",\"description\":\"Moving Your Life with Micromobility\",\"potentialAction\":[{\"@type\":\"SearchAction\",\"target\":{\"@type\":\"EntryPoint\",\"urlTemplate\":\"https:\/\/www.ridemovi.com\/?s={search_term_string}\"},\"query-input\":{\"@type\":\"PropertyValueSpecification\",\"valueRequired\":true,\"valueName\":\"search_term_string\"}}],\"inLanguage\":\"pt-PT\"}]}<\/script>\n<!-- \/ Yoast SEO plugin. -->","yoast_head_json":{"title":"Pol\u00edtica de privacidade e cookies - RideMovi","robots":{"index":"index","follow":"follow","max-snippet":"max-snippet:-1","max-image-preview":"max-image-preview:large","max-video-preview":"max-video-preview:-1"},"canonical":"https:\/\/www.ridemovi.com\/pt-pt\/politica-de-privacidade\/","og_locale":"pt_PT","og_type":"article","og_title":"Pol\u00edtica de privacidade e cookies - RideMovi","og_url":"https:\/\/www.ridemovi.com\/pt-pt\/politica-de-privacidade\/","og_site_name":"RideMovi","article_modified_time":"2024-09-30T15:55:09+00:00","twitter_card":"summary_large_image","twitter_misc":{"Tempo estimado de leitura":"1 minuto"},"schema":{"@context":"https:\/\/schema.org","@graph":[{"@type":"WebPage","@id":"https:\/\/www.ridemovi.com\/pt-pt\/politica-de-privacidade\/","url":"https:\/\/www.ridemovi.com\/pt-pt\/politica-de-privacidade\/","name":"Pol\u00edtica de privacidade e cookies - RideMovi","isPartOf":{"@id":"https:\/\/www.ridemovi.com\/#website"},"datePublished":"2022-12-19T11:48:30+00:00","dateModified":"2024-09-30T15:55:09+00:00","breadcrumb":{"@id":"https:\/\/www.ridemovi.com\/pt-pt\/politica-de-privacidade\/#breadcrumb"},"inLanguage":"pt-PT","potentialAction":[{"@type":"ReadAction","target":["https:\/\/www.ridemovi.com\/pt-pt\/politica-de-privacidade\/"]}]},{"@type":"BreadcrumbList","@id":"https:\/\/www.ridemovi.com\/pt-pt\/politica-de-privacidade\/#breadcrumb","itemListElement":[{"@type":"ListItem","position":1,"name":"Home","item":"https:\/\/www.ridemovi.com\/"},{"@type":"ListItem","position":2,"name":"Pol\u00edtica de privacidade e cookies"}]},{"@type":"WebSite","@id":"https:\/\/www.ridemovi.com\/#website","url":"https:\/\/www.ridemovi.com\/","name":"RideMovi","description":"Moving Your Life with Micromobility","potentialAction":[{"@type":"SearchAction","target":{"@type":"EntryPoint","urlTemplate":"https:\/\/www.ridemovi.com\/?s={search_term_string}"},"query-input":{"@type":"PropertyValueSpecification","valueRequired":true,"valueName":"search_term_string"}}],"inLanguage":"pt-PT"}]}},"coauthors":[],"author_meta":{"author_link":"https:\/\/www.ridemovi.com\/pt-pt\/author\/obliquo-design\/","display_name":"Obliquo Design"},"relative_dates":{"created":"Posted 3 anos ago","modified":"Updated 2 anos ago"},"absolute_dates":{"created":"Posted on Dezembro 19, 2022","modified":"Updated on Setembro 30, 2024"},"absolute_dates_time":{"created":"Posted on Dezembro 19, 2022 11:48 am","modified":"Updated on Setembro 30, 2024 3:55 pm"},"featured_img_caption":"","featured_img":false,"series_order":"","_links":{"self":[{"href":"https:\/\/www.ridemovi.com\/pt-pt\/wp-json\/wp\/v2\/pages\/11223","targetHints":{"allow":["GET"]}}],"collection":[{"href":"https:\/\/www.ridemovi.com\/pt-pt\/wp-json\/wp\/v2\/pages"}],"about":[{"href":"https:\/\/www.ridemovi.com\/pt-pt\/wp-json\/wp\/v2\/types\/page"}],"author":[{"embeddable":true,"href":"https:\/\/www.ridemovi.com\/pt-pt\/wp-json\/wp\/v2\/users\/1"}],"replies":[{"embeddable":true,"href":"https:\/\/www.ridemovi.com\/pt-pt\/wp-json\/wp\/v2\/comments?post=11223"}],"version-history":[{"count":0,"href":"https:\/\/www.ridemovi.com\/pt-pt\/wp-json\/wp\/v2\/pages\/11223\/revisions"}],"wp:attachment":[{"href":"https:\/\/www.ridemovi.com\/pt-pt\/wp-json\/wp\/v2\/media?parent=11223"}],"curies":[{"name":"wp","href":"https:\/\/api.w.org\/{rel}","templated":true}]}}